{"id":14316,"date":"2019-05-02T11:32:45","date_gmt":"2019-05-02T09:32:45","guid":{"rendered":"http:\/\/grandchampmusique.fr\/?post_type=project&#038;p=14316"},"modified":"2024-05-28T17:13:52","modified_gmt":"2024-05-28T15:13:52","slug":"chorale-allegro","status":"publish","type":"project","link":"https:\/\/grandchampmusique.fr\/index.php\/class\/chorale-allegro\/","title":{"rendered":"Chorale Allegro"},"content":{"rendered":"<div id=\"cmsmasters_row_ma0lrearvf\" class=\"cmsmasters_row cmsmasters_color_scheme_default cmsmasters_row_top_default cmsmasters_row_bot_default cmsmasters_row_boxed\">\n<div class=\"cmsmasters_row_outer_parent\">\n<div class=\"cmsmasters_row_outer\">\n<div class=\"cmsmasters_row_inner\">\n<div class=\"cmsmasters_row_margin\">\n<div id=\"cmsmasters_column_\" class=\"cmsmasters_column one_first\">\n<div class=\"cmsmasters_column_inner\"><div id=\"cmsmasters_heading_hlg2vnqkza\" class=\"cmsmasters_heading_wrap cmsmasters_heading_align_left\">\n\t<h3 class=\"cmsmasters_heading\">Pr\u00e9sentation de la Chorale Allegro<\/h3>\n<\/div><div class=\"cmsmasters_text\">\n<p>A Partir du CM1<\/p>\n<p>Le plaisir de chanter tous ensemble pendant 45 minutes. Le r\u00e9pertoire est tr\u00e8s large : comptines, musiques du monde, musiques actuelle,&#8230;<\/p>\n<p>Aucune obligation de conna\u00eetre le solf\u00e8ge!<\/p>\n<\/div>\n<div id=\"cmsmasters_divider_y91y4t11o\" class=\"cmsmasters_divider cmsmasters_divider_width_long cmsmasters_divider_pos_center\"><\/div>\n<\/div><\/div>\n<\/div>\n<\/div>\n<\/div>\n<\/div>\n<\/div>\n\n","protected":false},"excerpt":{"rendered":"","protected":false},"author":1,"featured_media":14105,"menu_order":0,"comment_status":"closed","ping_status":"open","template":"","format":"standard","meta":{"footnotes":""},"pj-categs":[15],"pj-tags":[],"class_list":["post-14316","project","type-project","status-publish","format-standard","has-post-thumbnail","hentry","pj-categs-pratique-collective"],"yoast_head":"<!-- This site is optimized with the Yoast SEO plugin v27.4 - https:\/\/yoast.com\/product\/yoast-seo-wordpress\/ -->\n<title>Chorale Allegro - Ecole de Musique et de Th\u00e9\u00e2tre de Grandchamp des Fontaines<\/title>\n<meta name=\"description\" content=\"Vous trouverez, sur cette page, tous les d\u00e9tails de la Chorale Ados de l&#039;\u00e9cole de musique et de th\u00e9\u00e2tre de Grandchamp des Fontaines.\" \/>\n<meta name=\"robots\" content=\"index, follow, max-snippet:-1, max-image-preview:large, max-video-preview:-1\" \/>\n<link rel=\"canonical\" href=\"https:\/\/grandchampmusique.fr\/index.php\/class\/chorale-allegro\/\" \/>\n<meta property=\"og:locale\" content=\"fr_FR\" \/>\n<meta property=\"og:type\" content=\"article\" \/>\n<meta property=\"og:title\" content=\"Chorale Allegro - Ecole de Musique et de Th\u00e9\u00e2tre de Grandchamp des Fontaines\" \/>\n<meta property=\"og:description\" content=\"Vous trouverez, sur cette page, tous les d\u00e9tails de la Chorale Ados de l&#039;\u00e9cole de musique et de th\u00e9\u00e2tre de Grandchamp des Fontaines.\" \/>\n<meta property=\"og:url\" content=\"https:\/\/grandchampmusique.fr\/index.php\/class\/chorale-allegro\/\" \/>\n<meta property=\"og:site_name\" content=\"Ecole de Musique et de Th\u00e9\u00e2tre de Grandchamp des Fontaines\" \/>\n<meta property=\"article:modified_time\" content=\"2024-05-28T15:13:52+00:00\" \/>\n<meta property=\"og:image\" content=\"https:\/\/grandchampmusique.fr\/wp-content\/uploads\/2019\/04\/Chorale-ados.jpeg\" \/>\n\t<meta property=\"og:image:width\" content=\"600\" \/>\n\t<meta property=\"og:image:height\" content=\"400\" \/>\n\t<meta property=\"og:image:type\" content=\"image\/jpeg\" \/>\n<meta name=\"twitter:card\" content=\"summary_large_image\" \/>\n<meta name=\"twitter:label1\" content=\"Dur\u00e9e de lecture estim\u00e9e\" \/>\n\t<meta name=\"twitter:data1\" content=\"1 minute\" \/>\n<script type=\"application\/ld+json\" class=\"yoast-schema-graph\">{\"@context\":\"https:\\\/\\\/schema.org\",\"@graph\":[{\"@type\":\"WebPage\",\"@id\":\"https:\\\/\\\/grandchampmusique.fr\\\/index.php\\\/class\\\/chorale-allegro\\\/\",\"url\":\"https:\\\/\\\/grandchampmusique.fr\\\/index.php\\\/class\\\/chorale-allegro\\\/\",\"name\":\"Chorale Allegro - Ecole de Musique et de Th\u00e9\u00e2tre de Grandchamp des Fontaines\",\"isPartOf\":{\"@id\":\"https:\\\/\\\/grandchampmusique.fr\\\/#website\"},\"primaryImageOfPage\":{\"@id\":\"https:\\\/\\\/grandchampmusique.fr\\\/index.php\\\/class\\\/chorale-allegro\\\/#primaryimage\"},\"image\":{\"@id\":\"https:\\\/\\\/grandchampmusique.fr\\\/index.php\\\/class\\\/chorale-allegro\\\/#primaryimage\"},\"thumbnailUrl\":\"https:\\\/\\\/grandchampmusique.fr\\\/wp-content\\\/uploads\\\/2019\\\/04\\\/Chorale-ados.jpeg\",\"datePublished\":\"2019-05-02T09:32:45+00:00\",\"dateModified\":\"2024-05-28T15:13:52+00:00\",\"description\":\"Vous trouverez, sur cette page, tous les d\u00e9tails de la Chorale Ados de l'\u00e9cole de musique et de th\u00e9\u00e2tre de Grandchamp des Fontaines.\",\"breadcrumb\":{\"@id\":\"https:\\\/\\\/grandchampmusique.fr\\\/index.php\\\/class\\\/chorale-allegro\\\/#breadcrumb\"},\"inLanguage\":\"fr-FR\",\"potentialAction\":[{\"@type\":\"ReadAction\",\"target\":[\"https:\\\/\\\/grandchampmusique.fr\\\/index.php\\\/class\\\/chorale-allegro\\\/\"]}]},{\"@type\":\"ImageObject\",\"inLanguage\":\"fr-FR\",\"@id\":\"https:\\\/\\\/grandchampmusique.fr\\\/index.php\\\/class\\\/chorale-allegro\\\/#primaryimage\",\"url\":\"https:\\\/\\\/grandchampmusique.fr\\\/wp-content\\\/uploads\\\/2019\\\/04\\\/Chorale-ados.jpeg\",\"contentUrl\":\"https:\\\/\\\/grandchampmusique.fr\\\/wp-content\\\/uploads\\\/2019\\\/04\\\/Chorale-ados.jpeg\",\"width\":600,\"height\":400},{\"@type\":\"BreadcrumbList\",\"@id\":\"https:\\\/\\\/grandchampmusique.fr\\\/index.php\\\/class\\\/chorale-allegro\\\/#breadcrumb\",\"itemListElement\":[{\"@type\":\"ListItem\",\"position\":1,\"name\":\"Home\",\"item\":\"https:\\\/\\\/grandchampmusique.fr\\\/\"},{\"@type\":\"ListItem\",\"position\":2,\"name\":\"Classes\",\"item\":\"https:\\\/\\\/grandchampmusique.fr\\\/index.php\\\/class\\\/\"},{\"@type\":\"ListItem\",\"position\":3,\"name\":\"Chorale Allegro\"}]},{\"@type\":\"WebSite\",\"@id\":\"https:\\\/\\\/grandchampmusique.fr\\\/#website\",\"url\":\"https:\\\/\\\/grandchampmusique.fr\\\/\",\"name\":\"Ecole de Musique et de Th\u00e9\u00e2tre de Grandchamp des Fontaines\",\"description\":\"CALG\",\"potentialAction\":[{\"@type\":\"SearchAction\",\"target\":{\"@type\":\"EntryPoint\",\"urlTemplate\":\"https:\\\/\\\/grandchampmusique.fr\\\/?s={search_term_string}\"},\"query-input\":{\"@type\":\"PropertyValueSpecification\",\"valueRequired\":true,\"valueName\":\"search_term_string\"}}],\"inLanguage\":\"fr-FR\"}]}<\/script>\n<!-- \/ Yoast SEO plugin. -->","yoast_head_json":{"title":"Chorale Allegro - Ecole de Musique et de Th\u00e9\u00e2tre de Grandchamp des Fontaines","description":"Vous trouverez, sur cette page, tous les d\u00e9tails de la Chorale Ados de l'\u00e9cole de musique et de th\u00e9\u00e2tre de Grandchamp des Fontaines.","robots":{"index":"index","follow":"follow","max-snippet":"max-snippet:-1","max-image-preview":"max-image-preview:large","max-video-preview":"max-video-preview:-1"},"canonical":"https:\/\/grandchampmusique.fr\/index.php\/class\/chorale-allegro\/","og_locale":"fr_FR","og_type":"article","og_title":"Chorale Allegro - Ecole de Musique et de Th\u00e9\u00e2tre de Grandchamp des Fontaines","og_description":"Vous trouverez, sur cette page, tous les d\u00e9tails de la Chorale Ados de l'\u00e9cole de musique et de th\u00e9\u00e2tre de Grandchamp des Fontaines.","og_url":"https:\/\/grandchampmusique.fr\/index.php\/class\/chorale-allegro\/","og_site_name":"Ecole de Musique et de Th\u00e9\u00e2tre de Grandchamp des Fontaines","article_modified_time":"2024-05-28T15:13:52+00:00","og_image":[{"width":600,"height":400,"url":"https:\/\/grandchampmusique.fr\/wp-content\/uploads\/2019\/04\/Chorale-ados.jpeg","type":"image\/jpeg"}],"twitter_card":"summary_large_image","twitter_misc":{"Dur\u00e9e de lecture estim\u00e9e":"1 minute"},"schema":{"@context":"https:\/\/schema.org","@graph":[{"@type":"WebPage","@id":"https:\/\/grandchampmusique.fr\/index.php\/class\/chorale-allegro\/","url":"https:\/\/grandchampmusique.fr\/index.php\/class\/chorale-allegro\/","name":"Chorale Allegro - Ecole de Musique et de Th\u00e9\u00e2tre de Grandchamp des Fontaines","isPartOf":{"@id":"https:\/\/grandchampmusique.fr\/#website"},"primaryImageOfPage":{"@id":"https:\/\/grandchampmusique.fr\/index.php\/class\/chorale-allegro\/#primaryimage"},"image":{"@id":"https:\/\/grandchampmusique.fr\/index.php\/class\/chorale-allegro\/#primaryimage"},"thumbnailUrl":"https:\/\/grandchampmusique.fr\/wp-content\/uploads\/2019\/04\/Chorale-ados.jpeg","datePublished":"2019-05-02T09:32:45+00:00","dateModified":"2024-05-28T15:13:52+00:00","description":"Vous trouverez, sur cette page, tous les d\u00e9tails de la Chorale Ados de l'\u00e9cole de musique et de th\u00e9\u00e2tre de Grandchamp des Fontaines.","breadcrumb":{"@id":"https:\/\/grandchampmusique.fr\/index.php\/class\/chorale-allegro\/#breadcrumb"},"inLanguage":"fr-FR","potentialAction":[{"@type":"ReadAction","target":["https:\/\/grandchampmusique.fr\/index.php\/class\/chorale-allegro\/"]}]},{"@type":"ImageObject","inLanguage":"fr-FR","@id":"https:\/\/grandchampmusique.fr\/index.php\/class\/chorale-allegro\/#primaryimage","url":"https:\/\/grandchampmusique.fr\/wp-content\/uploads\/2019\/04\/Chorale-ados.jpeg","contentUrl":"https:\/\/grandchampmusique.fr\/wp-content\/uploads\/2019\/04\/Chorale-ados.jpeg","width":600,"height":400},{"@type":"BreadcrumbList","@id":"https:\/\/grandchampmusique.fr\/index.php\/class\/chorale-allegro\/#breadcrumb","itemListElement":[{"@type":"ListItem","position":1,"name":"Home","item":"https:\/\/grandchampmusique.fr\/"},{"@type":"ListItem","position":2,"name":"Classes","item":"https:\/\/grandchampmusique.fr\/index.php\/class\/"},{"@type":"ListItem","position":3,"name":"Chorale Allegro"}]},{"@type":"WebSite","@id":"https:\/\/grandchampmusique.fr\/#website","url":"https:\/\/grandchampmusique.fr\/","name":"Ecole de Musique et de Th\u00e9\u00e2tre de Grandchamp des Fontaines","description":"CALG","potentialAction":[{"@type":"SearchAction","target":{"@type":"EntryPoint","urlTemplate":"https:\/\/grandchampmusique.fr\/?s={search_term_string}"},"query-input":{"@type":"PropertyValueSpecification","valueRequired":true,"valueName":"search_term_string"}}],"inLanguage":"fr-FR"}]}},"_links":{"self":[{"href":"https:\/\/grandchampmusique.fr\/index.php\/wp-json\/wp\/v2\/project\/14316","targetHints":{"allow":["GET"]}}],"collection":[{"href":"https:\/\/grandchampmusique.fr\/index.php\/wp-json\/wp\/v2\/project"}],"about":[{"href":"https:\/\/grandchampmusique.fr\/index.php\/wp-json\/wp\/v2\/types\/project"}],"author":[{"embeddable":true,"href":"https:\/\/grandchampmusique.fr\/index.php\/wp-json\/wp\/v2\/users\/1"}],"replies":[{"embeddable":true,"href":"https:\/\/grandchampmusique.fr\/index.php\/wp-json\/wp\/v2\/comments?post=14316"}],"version-history":[{"count":13,"href":"https:\/\/grandchampmusique.fr\/index.php\/wp-json\/wp\/v2\/project\/14316\/revisions"}],"predecessor-version":[{"id":15544,"href":"https:\/\/grandchampmusique.fr\/index.php\/wp-json\/wp\/v2\/project\/14316\/revisions\/15544"}],"wp:featuredmedia":[{"embeddable":true,"href":"https:\/\/grandchampmusique.fr\/index.php\/wp-json\/wp\/v2\/media\/14105"}],"wp:attachment":[{"href":"https:\/\/grandchampmusique.fr\/index.php\/wp-json\/wp\/v2\/media?parent=14316"}],"wp:term":[{"taxonomy":"pj-categs","embeddable":true,"href":"https:\/\/grandchampmusique.fr\/index.php\/wp-json\/wp\/v2\/pj-categs?post=14316"},{"taxonomy":"pj-tags","embeddable":true,"href":"https:\/\/grandchampmusique.fr\/index.php\/wp-json\/wp\/v2\/pj-tags?post=14316"}],"curies":[{"name":"wp","href":"https:\/\/api.w.org\/{rel}","templated":true}]}}